{"id":133,"date":"2023-11-21T20:27:13","date_gmt":"2023-11-21T20:27:13","guid":{"rendered":"https:\/\/www.lhi.is\/?page_id=133"},"modified":"2026-08-16T20:18:46","modified_gmt":"2026-08-16T20:18:46","slug":"about-lhi","status":"publish","type":"page","link":"https:\/\/www.lhi.is\/en\/um-lhi\/","title":{"rendered":"About IUA"},"content":{"rendered":"\n<section style=\"--overlay-opacity: 0%; --overlay-bg: #000000;\" class=\"hero-section h1-lg  \" >\n\t<div class=\"container animation-child-elements\">\n\t\t\t\t\t<h1>Listah\u00e1sk\u00f3li \u00cdslands<\/h1>\n\t\t\t\t\t<\/div>\n\t<figure class=\"bg-visual\">\n\t\t\t\n\t\t\t\t\t\t\t\t\t\t<img decoding=\"async\" src=\"https:\/\/www.lhi.is\/wp-content\/uploads\/2023\/11\/myndlistardeild.jpg\" class=\"lazyload\" loading=\"lazy\" alt=\"\">\n\t\t\t\t\n\t\t\t<\/figure>\n\t<\/section>\r\n\r\n\n<div class=\"sub-nav-section \"  >\n\t<div class=\"container\">\n\t\t<div class=\"row align-items-lg-center\">\n\t\t\t<div class=\" col-lg-12\">\n\t\t\t\t<nav class=\"sub-nav\">\n\t\t\t\t\t<button class=\"sub-nav-opener d-lg-none\">Um LH\u00cd<\/button>\n\t\t\t\t\t<div class=\"nav-slider swiper-container\">\n\t\t\t\t\t\t<ul id=\"menu-submenu-about\" class=\"swiper-wrapper\"><li id=\"menu-item-8903\" class=\"menu-item menu-item-type-post_type menu-item-object-page menu-item-8903 swiper-slide\"><a href=\"https:\/\/www.lhi.is\/en\/um-lhi\/stjornskipulag\/\">Stj\u00f3rnskipulag<\/a><\/li>\n<li id=\"menu-item-8407\" class=\"menu-item menu-item-type-post_type menu-item-object-page menu-item-8407 swiper-slide\"><a href=\"https:\/\/www.lhi.is\/en\/um-lhi\/mannaudur\/\">Mannau\u00f0ur<\/a><\/li>\n<li id=\"menu-item-8424\" class=\"menu-item menu-item-type-post_type menu-item-object-page menu-item-8424 swiper-slide\"><a href=\"https:\/\/www.lhi.is\/en\/um-lhi\/gaedamal\/\">G\u00e6\u00f0am\u00e1l<\/a><\/li>\n<li id=\"menu-item-910\" class=\"menu-item menu-item-type-post_type menu-item-object-page menu-item-910 swiper-slide\"><a href=\"https:\/\/www.lhi.is\/en\/um-lhi\/log-og-reglur\/\">L\u00f6g, reglur, stefnur og sk\u00fdrslur<\/a><\/li>\n<li id=\"menu-item-909\" class=\"menu-item menu-item-type-post_type menu-item-object-page menu-item-909 swiper-slide\"><a href=\"https:\/\/www.lhi.is\/en\/um-lhi\/namsradgjof\/\">N\u00e1ms- og starfsr\u00e1\u00f0gj\u00f6f<\/a><\/li>\n<li id=\"menu-item-908\" class=\"menu-item menu-item-type-post_type menu-item-object-page menu-item-908 swiper-slide\"><a href=\"https:\/\/www.lhi.is\/en\/um-lhi\/tolvu-og-vefthjonusta\/\">T\u00f6lvu- og vef\u00fej\u00f3nusta<\/a><\/li>\n<li id=\"menu-item-907\" class=\"menu-item menu-item-type-post_type menu-item-object-page menu-item-907 swiper-slide\"><a href=\"https:\/\/www.lhi.is\/en\/um-lhi\/starfsstodvar-og-adstada\/\">Starfsst\u00f6\u00f0var<\/a><\/li>\n<li id=\"menu-item-8525\" class=\"menu-item menu-item-type-post_type menu-item-object-page menu-item-8525 swiper-slide\"><a href=\"https:\/\/www.lhi.is\/en\/um-lhi\/gjaldskra\/\">Gjaldskr\u00e1<\/a><\/li>\n<li id=\"menu-item-8505\" class=\"menu-item menu-item-type-post_type menu-item-object-page menu-item-8505 swiper-slide\"><a href=\"https:\/\/www.lhi.is\/en\/um-lhi\/haskoladagatal\/\">Dagatal LH\u00cd<\/a><\/li>\n<li id=\"menu-item-8504\" class=\"menu-item menu-item-type-post_type menu-item-object-page menu-item-8504 swiper-slide\"><a href=\"https:\/\/www.lhi.is\/en\/um-lhi\/tilkynningar-um-osaemilega-hegdun\/\">Tilkynna um \u00f3s\u00e6milega heg\u00f0un<\/a><\/li>\n<li id=\"menu-item-13606\" class=\"menu-item menu-item-type-post_type menu-item-object-page menu-item-13606 swiper-slide\"><a href=\"https:\/\/www.lhi.is\/en\/um-lhi\/bakland\/\">Bakland Listah\u00e1sk\u00f3la \u00cdslands<\/a><\/li>\n<\/ul>\t\t\t\t\t\t\t\t\t\t\t<\/div>\n\t\t\t\t<\/nav>\n\t\t\t<\/div>\t\n\t\t\t\t\n\t\t<\/div>\t\n\t<\/div>\n<\/div>\r\n\r\n\n<div class=\"intro-section \"  >\n\t<div class=\"container animation\">\n\t\t<p>\u00cd Listah\u00e1sk\u00f3la \u00cdslands eru sj\u00f6 deildir, en innan \u00feeirra eru starfr\u00e6ktar b\u00e6\u00f0i n\u00e1mslei\u00f0ir \u00e1 bakkal\u00e1rstigi og \u00e1 meistarastigi. Listah\u00e1sk\u00f3li \u00cdslands er mi\u00f0st\u00f6\u00f0 \u00e6\u00f0ri listmenntunar \u00e1 \u00cdslandi. Sk\u00f3linn er me\u00f0 vi\u00f0urkenningu stj\u00f3rnvalda \u00e1 fr\u00e6\u00f0asvi\u00f0i lista. Skipulag n\u00e1ms er grundvalla\u00f0 \u00e1 Bologna &#8211; vi\u00f0mi\u00f0um Evr\u00f3pur\u00edkjanna.<\/p>\n\t<\/div>\n<\/div>\r\n\r\n\r\n<div class=\"wp-block-columns is-layout-flex wp-container-core-columns-is-layout-8f761849 wp-block-columns-is-layout-flex\">\r\n<div class=\"wp-block-column is-layout-flow wp-block-column-is-layout-flow\">\n\n<div class=\"text-section txt-columns \"  >\n\t<div class=\"container\">\n\t\t<div class=\"row animation-child-elements animation-bottom\">\n\t\t\t\t\t\t\t\n\t\t\t\t\t<div class=\"col-lg-6\">\n\t\t\t\t\t\t<h2>Sk\u00f3li allra listgreina<\/h2>\n<p>Listah\u00e1sk\u00f3li \u00cdslands er sk\u00f3li allra listgreina. Hann er einstakur \u00e1 al\u00fej\u00f3\u00f0av\u00edsu a\u00f0 \u00fev\u00ed leyti a\u00f0 n\u00e1msframbo\u00f0 er afar fj\u00f6lbreytt en nemendur eru hlutfallslega f\u00e1ir \u00ed samhengi vi\u00f0 n\u00e1msframbo\u00f0. Listah\u00e1sk\u00f3linn er eini h\u00e1sk\u00f3linn \u00e1 fr\u00e6\u00f0asvi\u00f0i lista \u00e1 \u00cdslandi og hefur \u00fev\u00ed v\u00ed\u00f0t\u00e6ku hlutverki a\u00f0 gegna gagnvart landsm\u00f6nnum. Sk\u00f3linn starfar \u00ed al\u00fej\u00f3\u00f0legu umhverfi og mi\u00f0ar sig vi\u00f0 \u00fe\u00e1 sk\u00f3la \u00ed n\u00e1grannal\u00f6ndunum sem \u00feykja skara fram \u00far \u00ed kennslu og mi\u00f0lun \u00feekkingar \u00e1 svi\u00f0um lista.<\/p>\n<p>Listah\u00e1sk\u00f3linn er vettvangur fyrir n\u00fat\u00edmalega listsk\u00f6pun og samf\u00e9lag \u00fear sem \u00e1hersla er l\u00f6g\u00f0 \u00e1 a\u00f0 skerpa sk\u00f6punarg\u00e1fu nemenda. Sk\u00f3linn tekur virkan \u00fe\u00e1tt \u00ed \u00fej\u00f3\u00f0l\u00edfinu og tengir um lei\u00f0 \u00edslenskan menningargrunn al\u00fej\u00f3\u00f0legu umhverfi lista og menningar me\u00f0 fj\u00f6lbreyttum nemendah\u00f3pi og samstarfi vi\u00f0 erlenda listah\u00e1sk\u00f3la.<\/p>\n\t\t\t\t\t\t\t\n\t\t\t\t\t<\/div>\n\n\t\t\t\t\n\t\t\t\t\t<div class=\"col-lg-6\">\n\t\t\t\t\t\t<img loading=\"lazy\" decoding=\"async\" class=\"alignnone wp-image-26496 size-full\" src=\"https:\/\/www.lhi.is\/wp-content\/uploads\/2025\/08\/3F2A3576-scaled.jpg\" alt=\"\" width=\"2048\" height=\"1365\" srcset=\"https:\/\/www.lhi.is\/wp-content\/uploads\/2025\/08\/3F2A3576-scaled.jpg 2048w, https:\/\/www.lhi.is\/wp-content\/uploads\/2025\/08\/3F2A3576-1800x1200.jpg 1800w, https:\/\/www.lhi.is\/wp-content\/uploads\/2025\/08\/3F2A3576-800x533.jpg 800w\" sizes=\"auto, (max-width: 2048px) 100vw, 2048px\" \/>\n<p style=\"text-align: right\">\u00datskriftarh\u00f3pur Listah\u00e1sk\u00f3lans vor 2025<br \/>\n<em>Mynd: Eygl\u00f3 G\u00edslad\u00f3ttir <\/em><\/p>\n\t\t\t\t\t\t\t\n\t\t\t\t\t<\/div>\n\n\t\t\t\t\n\t\t\t\t\t<div class=\"col-lg-12\">\n\t\t\t\t\t\t<h2>Stefnum\u00f3tun<\/h2>\n<p>Listah\u00e1sk\u00f3linn l\u00edtur \u00e1 \u00fea\u00f0 sem hlutverk sitt a\u00f0 efla frams\u00e6kna hugsun \u00ed listum og menningu og \u00f6rva hvers konar n\u00fdsk\u00f6pun og \u00fer\u00f3un \u00e1 \u00f6llum svi\u00f0um. Sk\u00f3linn veitir listmenntun \u00e1 h\u00e1sk\u00f3lastigi og mi\u00f0lar til samf\u00e9lagsins \u00feekkingu og fagmennsku \u00ed listum.<\/p>\n<p>Sk\u00f3linn er samf\u00e9lag nemenda, fr\u00e6\u00f0imanna, kennara og annar starfsmanna \u00fear sem jafnr\u00e6\u00f0i og vir\u00f0ing r\u00edkir \u00ed \u00f6llum samskiptum. Hann starfar \u00ed al\u00fej\u00f3\u00f0legu umhverfi og mi\u00f0ar sig vi\u00f0 \u00fe\u00e1 sk\u00f3la \u00ed n\u00e1grannal\u00f6ndunum sem \u00feykja skara fram \u00far \u00ed listr\u00e6num efnum.<\/p>\n<p>&nbsp;<\/p>\n\t\t\t\t\t\t\t\t\t\t\t\t\t\n\t\t\t\t\t\t\t\t\t\t\t\t\t\t<div class=\"btn-holder animation\">\n\t\t\t\t\t\t\t\t<a href=\"https:\/\/www.lhi.is\/um-lhi\/stefna-listahaskola-islands-2024-2028\/\" target=\"\" class=\"btn btn-lg btn-dark btn-with-arrow-right\">Stefna Listah\u00e1sk\u00f3la \u00cdslands 2024-2028<\/a>\n\t\t\t\t\t\t\t<\/div>\n\t\t\t\t\t\t\t\n\t\t\t\t\t<\/div>\n\n\t\t\t\t\n\t\t\t\t\t<div class=\"col-lg-6\">\n\t\t\t\t\t\t<h2><strong>Rektor <\/strong><\/h2>\n<p>Krist\u00edn Eysteinsd\u00f3ttir er rektor Listah\u00e1sk\u00f3la \u00cdslands.<\/p>\n<p>Krist\u00edn Eysteinsd\u00f3ttir lauk meistaragr\u00e1\u00f0u \u00ed leikstj\u00f3rn fr\u00e1 Goldsmiths, University of London \u00e1ri\u00f0 2007 en \u00e1\u00f0ur haf\u00f0i h\u00fan loki\u00f0 BA n\u00e1mi \u00ed dramat\u00farg\u00edu fr\u00e1 \u00c1r\u00f3sarh\u00e1sk\u00f3la \u00e1ri\u00f0 2002. Krist\u00edn hefur leikst\u00fdrt um 20 s\u00fdningum \u00ed atvinnuleikh\u00fasum og var fastr\u00e1\u00f0inn leikstj\u00f3ri vi\u00f0 Borgarleikh\u00fasi\u00f0 fr\u00e1 2008 \u2013 2014. \u00c1ri\u00f0 2008 var h\u00fan valin leikstj\u00f3ri \u00e1rsins \u00e1 Gr\u00edmunni fyrir s\u00fdninguna S\u00e1 lj\u00f3ti og var einnig tilnefnd til til s\u00f6mu ver\u00f0launa \u00e1rin 2010, 2012 og 2013. Krist\u00edn hefur jafnframt leikst\u00fdrt vi\u00f0 \u00datvarpsleikh\u00fasi\u00f0 og starfa\u00f0 sem dramat\u00farg vi\u00f0 fj\u00f6lda s\u00fdninga og hefur gegnt fj\u00f6lm\u00f6rgum \u00e1byrg\u00f0arst\u00f6\u00f0um me\u00f0 stj\u00f3rnarsetu og formennsku \u00ed \u00fdmsum stj\u00f3rnum og nefndum sem tengjast leiklist, menntun og \u00fatg\u00e1fu.<\/p>\n<p>Krist\u00edn var r\u00e1\u00f0in leikh\u00fasstj\u00f3ri Borgarleikh\u00fassins \u00e1ri\u00f0 2014 og gegndi \u00feeirri st\u00f6\u00f0u til \u00e1rsins 2020. Undir hennar stj\u00f3rn n\u00e1\u00f0i Borgarleikh\u00fasi\u00f0 eftirtektarver\u00f0um \u00e1rangri b\u00e6\u00f0i listr\u00e6nt og rekstrarlega, a\u00f0s\u00f3knarmet \u00ed leikh\u00fasi\u00f0 voru slegin og leikh\u00fasi\u00f0 hlaut Gr\u00edmuna, \u00edslensku svi\u00f0slistaver\u00f0launin, fyrir s\u00fdningu \u00e1rsins \u00f6ll \u00feau \u00e1r sem h\u00fan var leikh\u00fasstj\u00f3ri. \u00de\u00e1 lauk h\u00fan n\u00fdveri\u00f0 vi\u00f0 fyrstu stuttmynd s\u00edna og hefur s\u00ed\u00f0astli\u00f0in tv\u00f6 \u00e1r veri\u00f0 a\u00f0 undirb\u00faa s\u00edna fyrstu kvikmynd \u00ed fullri lengd sem er komin vel \u00e1 veg \u00ed \u00fer\u00f3un. Krist\u00edn starfa\u00f0i sem pr\u00f3fessor og fagstj\u00f3ri vi\u00f0 svi\u00f0slistadeild Listah\u00e1sk\u00f3la \u00cdslands sk\u00f3la\u00e1ri\u00f0 2022-2023.<\/p>\n\t\t\t\t\t\t\t\n\t\t\t\t\t<\/div>\n\n\t\t\t\t\n\t\t\t\t\t<div class=\"col-lg-6\">\n\t\t\t\t\t\t<img loading=\"lazy\" decoding=\"async\" class=\"alignnone size-full wp-image-20522\" src=\"https:\/\/www.lhi.is\/wp-content\/uploads\/2025\/01\/Nynemadagur_LHI_32-scaled.jpg\" alt=\"\" width=\"2048\" height=\"1365\" srcset=\"https:\/\/www.lhi.is\/wp-content\/uploads\/2025\/01\/Nynemadagur_LHI_32-scaled.jpg 2048w, https:\/\/www.lhi.is\/wp-content\/uploads\/2025\/01\/Nynemadagur_LHI_32-1800x1200.jpg 1800w, https:\/\/www.lhi.is\/wp-content\/uploads\/2025\/01\/Nynemadagur_LHI_32-800x533.jpg 800w\" sizes=\"auto, (max-width: 2048px) 100vw, 2048px\" \/>\n<p style=\"text-align: right\">Krist\u00edn Eysteinsd\u00f3ttir rektor \u00e1 n\u00fdnemad\u00f6gum LH\u00cd 2024<br \/>\n<em>Mynd: Eygl\u00f3 G\u00edslad\u00f3ttir <\/em><\/p>\n\t\t\t\t\t\t\t\n\t\t\t\t\t<\/div>\n\n\t\t\t\t\n\t\t\t\t\t<div class=\"col-lg-12\">\n\t\t\t\t\t\t<h2>S\u00f6gu\u00e1grip<\/h2>\n<p>Listah\u00e1sk\u00f3li \u00cdslands er sj\u00e1lfseignarstofnun. \u00c1 stofnfundi 21.sept. 1998 var sk\u00f3lanum sett skipulagsskr\u00e1 sem var undirritu\u00f0 af fulltr\u00faum Bandalags \u00edslenskra listamanna og menntam\u00e1lar\u00e1\u00f0herra. D\u00f3msm\u00e1lar\u00e1\u00f0herra sta\u00f0festi skipulagsskr\u00e1na 29. sept. sama \u00e1r. Samkv\u00e6mt skipulagsskr\u00e1 er hlutverk Listah\u00e1sk\u00f3lans a\u00f0 sinna \u00e6\u00f0ri menntun \u00e1 svi\u00f0i listgreina. Sk\u00f3linn skal jafnframt vinna a\u00f0 eflingu listmennta me\u00f0 \u00fej\u00f3\u00f0inni og mi\u00f0la fr\u00e6\u00f0slu um listir og menningu til almennings.<\/p>\n<p>\u00deann 24. mars 1999 undirritu\u00f0u sk\u00f3linn og menntam\u00e1lar\u00e1\u00f0herra yfirl\u00fdsingu sem f\u00f3l \u00ed s\u00e9r hvernig sta\u00f0i\u00f0 yr\u00f0i a\u00f0 uppbyggingu menntunarinnar.<\/p>\n<p>Listah\u00e1sk\u00f3linn f\u00e9kk starfsleyfi 10.j\u00fan\u00ed 1999 og h\u00f3f \u00fe\u00e1 um hausti\u00f0 starfsemi s\u00edna me\u00f0 rekstri myndlistardeildar.<\/p>\n<p>Uppbygging Listah\u00e1sk\u00f3lans hefur veri\u00f0 hr\u00f6\u00f0 s\u00ed\u00f0an rekstur hans h\u00f3fst 1999. \u00cd samr\u00e6mi vi\u00f0 yfirl\u00fdsinguna fr\u00e1 24. mars 1999 h\u00f3f sk\u00f3linn kennslu \u00ed leiklist hausti\u00f0 2000 og \u00ed t\u00f3nlist 2001. Sk\u00f3linn h\u00f3f s\u00ed\u00f0an rekstur sj\u00e1lfst\u00e6\u00f0rar h\u00f6nnunardeildar 2001 og \u00e1ri s\u00ed\u00f0ar var teki\u00f0 upp n\u00e1m \u00ed arkitekt\u00far, v\u00f6ruh\u00f6nnun og fatah\u00f6nnun.<\/p>\n<p>N\u00e1mi \u00ed kennslufr\u00e6\u00f0um fyrir listaf\u00f3lk var skipa\u00f0ur sj\u00e1lfst\u00e6\u00f0ur sess innan sk\u00f3lans fr\u00e1 og me\u00f0 haustinu 2001 og kennsla \u00e1 meistarastigi h\u00f3fst 2009.<\/p>\n<p>N\u00fdjar n\u00e1mslei\u00f0ir innan leiklistardeildar t\u00f3ku til starfa hausti\u00f0 2005, \u00fe.e. eins \u00e1rs dansn\u00e1m \u00ed samvinnu vi\u00f0 \u00cdslenska dansflokkinn og \u00feriggja \u00e1ra n\u00e1m \u00ed samt\u00edma leiklistarstarfsemi sem kallast \u201efr\u00e6\u00f0i og framkv\u00e6md.\u201c N\u00e1mslei\u00f0 \u00ed samt\u00edmadansi var stofnu\u00f0 innan leiklistardeildarinnar 2007. Nafni deildarinnar var breytt \u00ed svi\u00f0slistadeild hausti\u00f0 2014 og nafni n\u00e1mslei\u00f0arinnar \u201efr\u00e6\u00f0i og framkv\u00e6md\u201c var breytt \u00ed svi\u00f0sh\u00f6fundan\u00e1m.<\/p>\n<p>Innan t\u00f3nlistardeildarinnar var hafin kennsla \u00e1 tveimur n\u00fdjum n\u00e1mslei\u00f0um 2008, n\u00e1mslei\u00f0 \u00ed kirkjut\u00f3nlist til bakkal\u00e1rpr\u00f3fs og n\u00e1mslei\u00f0 \u00ed t\u00f3nsm\u00ed\u00f0um \u00e1 meistarastigi. \u00c1ri s\u00ed\u00f0ar t\u00f3k til starfa n\u00fd n\u00e1mslei\u00f0 \u00e1 meistarastigi innan deildarinnar, Sk\u00f6pun mi\u00f0lun og frumkv\u00f6\u00f0lastarf sem er samevr\u00f3pskt n\u00e1m fimm t\u00f3nlistarh\u00e1sk\u00f3la \u00ed Evr\u00f3pu (NAIP). Hausti\u00f0 2012 t\u00f3ku til starfa tv\u00e6r n\u00fdjar n\u00e1mslei\u00f0ir \u00e1 meistarastigi, MA \u00ed h\u00f6nnun og MA \u00ed myndlist. N\u00e1m \u00e1 s\u00f6ng- og hlj\u00f3\u00f0f\u00e6rakennaran\u00e1mslei\u00f0 h\u00f3fst hausti\u00f0 2013, n\u00e1m \u00e1 s\u00f6ng- og hlj\u00f3\u00f0f\u00e6rakennaran\u00e1mslei\u00f0 \u00e1 meistarastigi h\u00f3fst hausti\u00f0 2016 og hausti\u00f0 2018 var sett \u00e1 laggirnar n\u00e1mslei\u00f0 \u00e1 bakkal\u00e1rstigi \u00ed rytm\u00edskri s\u00f6ng- og hlj\u00f3\u00f0f\u00e6rakennslu.<\/p>\n<p>Samfara uppbyggingu deilda hafa sto\u00f0svi\u00f0in \u00fer\u00f3ast hvert me\u00f0 s\u00ednum h\u00e6tti, \u00fe.m.t. b\u00f3kasafn og uppl\u00fdsinga\u00fej\u00f3nusta fyrir allar listgreinar og t\u00f6lvu- og net\u00fej\u00f3nusta. Ranns\u00f3kna\u00fej\u00f3nusta var stofnu\u00f0 vi\u00f0 sk\u00f3lann \u00e1ri\u00f0 2007.<\/p>\n\t\t\t\t\t\t\t\n\t\t\t\t\t<\/div>\n\n\t\t\t\t\n\t\t\t\t\n\t\t<\/div>\n\t<\/div>\n<\/div><\/div>\r\n<\/div>\r\n\r\n\r\n\n\n\t<div class=\"archive-section \">\n\t\t<div class=\"container\">\n\t\t\t\t\t\t\t<header class=\"heading-section\">\n\t\t\t\t\t<div class=\"row align-items-lg-end\">\n\t\t\t\t\t\t<div class=\"col-lg-9 animation\">\n\t\t\t\t\t\t\t\t\t\t\t\t\t\t\t<h2>\u00c1 d\u00f6finni<\/h2>\n\t\t\t\t\t\t\t\t\t\t\t\t\t<\/div>\n\t\t\t\t\t\t\t\t\t\t\t\t\t\t\t\t\t\t\t\t\t\t\t\t\t\t\t\t<div class=\"col-lg-3 text-lg-end animation\">\n\t\t\t\t\t\t\t\t\t<a href=\"https:\/\/www.lhi.is\/vidburdir\/\" target=\"\" class=\"link-arrow\">Sko\u00f0a allt<\/a>\n\t\t\t\t\t\t\t\t<\/div>\n\t\t\t\t\t\t\t\t\t\t\t\t\t\t\t\t\t\t<\/div>\n\t\t\t\t<\/header>\n\t\t\t\t\n\t\t\t\n\t\t\t\n\t\t\t\n\t\t\t\t[ajax_load_more id=&#8220;0101876059&#8243; container_type=&#8220;div&#8220; target=&#8220;eventsfilter&#8220; filters=&#8220;true&#8220; repeater=&#8220;template_1&#8243; post_type=&#8220;events&#8220; posts_per_page=&#8220;40&#8243; meta_key=&#8220;end_date&#8220; meta_value=&#8220;20260906&#8243; meta_compare=&#8220;>=&#8220; meta_type=&#8220;DATE&#8220; order=&#8220;ASC&#8220; orderby=&#8220;meta_value_num&#8220; scroll=&#8220;false&#8220; transition_container_classes=&#8220;row&#8220; button_label=&#8220;S\u00fdna fleiri&#8220; button_loading_label=&#8220;hle\u00f0 efni&#8230;&#8220; no_results_text=&#8220;Ekkert fannst&#8220;]\n\t\t\t\n\t\t\t\t\t\t\n\t\t<\/div>\n\t<\/div>\n\n","protected":false},"excerpt":{"rendered":"","protected":false},"author":1,"featured_media":0,"parent":0,"menu_order":32,"comment_status":"closed","ping_status":"closed","template":"page-blocks.php","meta":{"_acf_changed":false,"footnotes":""},"class_list":["post-133","page","type-page","status-publish","hentry"],"acf":[],"_links":{"self":[{"href":"https:\/\/www.lhi.is\/en\/wp-json\/wp\/v2\/pages\/133","targetHints":{"allow":["GET"]}}],"collection":[{"href":"https:\/\/www.lhi.is\/en\/wp-json\/wp\/v2\/pages"}],"about":[{"href":"https:\/\/www.lhi.is\/en\/wp-json\/wp\/v2\/types\/page"}],"replies":[{"embeddable":true,"href":"https:\/\/www.lhi.is\/en\/wp-json\/wp\/v2\/comments?post=133"}],"version-history":[{"count":5,"href":"https:\/\/www.lhi.is\/en\/wp-json\/wp\/v2\/pages\/133\/revisions"}],"predecessor-version":[{"id":38305,"href":"https:\/\/www.lhi.is\/en\/wp-json\/wp\/v2\/pages\/133\/revisions\/38305"}],"wp:attachment":[{"href":"https:\/\/www.lhi.is\/en\/wp-json\/wp\/v2\/media?parent=133"}],"curies":[{"name":"wp","href":"https:\/\/api.w.org\/{rel}","templated":true}]}}